{"id":574,"date":"2013-11-14T13:31:37","date_gmt":"2013-11-14T12:31:37","guid":{"rendered":"http:\/\/www.capoeira-auvergne.com\/?page_id=574"},"modified":"2017-05-08T19:09:25","modified_gmt":"2017-05-08T18:09:25","slug":"instruments","status":"publish","type":"page","link":"http:\/\/www.capoeira-auvergne.com\/es\/instruments\/","title":{"rendered":"Instrumentos"},"content":{"rendered":"<h3><span style=\"color: #000000;\"><strong>Haga clic en un instrumento, para leer su descripci\u00f3n.<\/strong><\/span><\/h3>\n<div id=\"instruments-container\">\n<div id=\"instruments-img\">\n<div id=\"attachment_576\" style=\"width: 100px\" class=\"wp-caption alignleft\"><a href=\"http:\/\/www.capoeira-auvergne.com\/wp-content\/uploads\/2013\/11\/atabaque.jpg\"><img aria-describedby=\"caption-attachment-576\" loading=\"lazy\" class=\" wp-image-576  \" title=\"atabaque\" src=\"http:\/\/www.capoeira-auvergne.com\/wp-content\/uploads\/2013\/11\/atabaque-150x150.jpg\" alt=\"atabaque\" width=\"90\" height=\"90\" \/><\/a><p id=\"caption-attachment-576\" class=\"wp-caption-text\">Atabaque<\/p><\/div>\n<div id=\"attachment_578\" style=\"width: 100px\" class=\"wp-caption alignleft\"><a href=\"http:\/\/www.capoeira-auvergne.com\/wp-content\/uploads\/2013\/11\/berimbaus01.jpg\"><img aria-describedby=\"caption-attachment-578\" loading=\"lazy\" class=\" wp-image-578 \" src=\"http:\/\/www.capoeira-auvergne.com\/wp-content\/uploads\/2013\/11\/berimbaus01-150x150.jpg\" alt=\"Berimbau\" width=\"90\" height=\"90\" \/><\/a><p id=\"caption-attachment-578\" class=\"wp-caption-text\">Berimbau<\/p><\/div>\n<div id=\"attachment_579\" style=\"width: 100px\" class=\"wp-caption alignleft\"><a href=\"http:\/\/www.capoeira-auvergne.com\/wp-content\/uploads\/2013\/11\/pandero.jpg\"><img aria-describedby=\"caption-attachment-579\" loading=\"lazy\" class=\" wp-image-579 \" title=\"pandero\" src=\"http:\/\/www.capoeira-auvergne.com\/wp-content\/uploads\/2013\/11\/pandero-150x150.jpg\" alt=\"pandero\" width=\"90\" height=\"90\" \/><\/a><p id=\"caption-attachment-579\" class=\"wp-caption-text\">Pandeiro<\/p><\/div>\n<div id=\"attachment_580\" style=\"width: 100px\" class=\"wp-caption alignleft\"><a href=\"http:\/\/www.capoeira-auvergne.com\/wp-content\/uploads\/2013\/11\/recoreco01.jpg\"><img aria-describedby=\"caption-attachment-580\" loading=\"lazy\" class=\"wp-image-580 \" title=\"reco reco\" src=\"http:\/\/www.capoeira-auvergne.com\/wp-content\/uploads\/2013\/11\/recoreco01-150x150.jpg\" alt=\"recoreco01\" width=\"90\" height=\"90\" \/><\/a><p id=\"caption-attachment-580\" class=\"wp-caption-text\">Reco Reco<\/p><\/div>\n<div id=\"attachment_575\" style=\"width: 100px\" class=\"wp-caption alignleft\"><a href=\"http:\/\/www.capoeira-auvergne.com\/wp-content\/uploads\/2013\/11\/agogo.jpg\"><img aria-describedby=\"caption-attachment-575\" loading=\"lazy\" class=\" wp-image-575  \" title=\"agogo\" src=\"http:\/\/www.capoeira-auvergne.com\/wp-content\/uploads\/2013\/11\/agogo-150x150.jpg\" alt=\"agogo\" width=\"90\" height=\"90\" srcset=\"http:\/\/www.capoeira-auvergne.com\/es\/wp-content\/uploads\/sites\/3\/2013\/11\/agogo-150x150.jpg 150w, http:\/\/www.capoeira-auvergne.com\/es\/wp-content\/uploads\/sites\/3\/2013\/11\/agogo-148x148.jpg 148w, http:\/\/www.capoeira-auvergne.com\/es\/wp-content\/uploads\/sites\/3\/2013\/11\/agogo-31x31.jpg 31w, http:\/\/www.capoeira-auvergne.com\/es\/wp-content\/uploads\/sites\/3\/2013\/11\/agogo-38x38.jpg 38w, http:\/\/www.capoeira-auvergne.com\/es\/wp-content\/uploads\/sites\/3\/2013\/11\/agogo.jpg 180w\" sizes=\"(max-width: 90px) 100vw, 90px\" \/><\/a><p id=\"caption-attachment-575\" class=\"wp-caption-text\">Agogo<\/p><\/div>\n<\/div>\n<div id=\"instruments-text\">\n<div id=\"berimbau\">\n<p><span style=\"color: #red; background-color: #fff; padding: 5px;\"><a class=\"berimbau-desc\" href=\"#\">Description<\/a> | <a class=\"berimbau-photo\" href=\"#\">Photos<\/a><\/span><br \/>\n<span id=\"sound\" class=\"inst\" style=\"position: absolute; margin-top: -28px; margin-left: 400px;\">Extrait : <button class=\"inst-but\">Play<\/button> <button class=\"inst-but\">Pause<\/button><br \/>\n<audio id=\"berimbau-sound\" src=\"http:\/\/www.capoeira-auvergne.com\/wp-content\/uploads\/son\/berimbua.ogg\" loop=\"loop\"><\/audio><\/span><\/p>\n<div id=\"berimbau-description\" class=\"anim\">\n<h2>Berimbau<\/h2>\n<h3>Hist\u00f3ria<\/h3>\n<p>Los primeros Berimbaus aparecieron en Bahia durante la \u00e9poca de la interdicci\u00f3n de la Capoeira.<br \/>\nExisten dos tipos de arcos musicales que dan origen al Berimbau brasilero: El Mbulumbumba<br \/>\nque pertenece a la region de Huila en el sur de Angola y el Hungu que es original de la provincia de Luanda, capital de Angola.<\/p>\n<h3>Descripci\u00f3n<\/h3>\n<p>El Berimbau brasilero es parecido al Hungu, por su forma y manera de tocar, la fabricacion del instrumento es artesanal.<br \/>\nLa calabaza es cortada y una vez abierta se le sacan las semillas, la abertura es particular es asi que da el son al instrumento. Tenemos que tener un palo largo y flexible (no muy flexible) y que sea un palo cortado de un arbol.<\/p>\n<h3>Utilizacion<\/h3>\n<p>Tocar una cuerda metalica con un pedaso de madera, que se llama \u00ab baqueta \u00bb, haciendo variar las notas con una pequena piedra, produciendo varios son. El Caxixi es un pequeno instrumento hecho de paja y semillas, agitandose simultaneamente el caxixi con la \u00ab baqueta \u00bb, el caxixi tiene como funcion marcar el ritmo, y tiene que estar bien seguro con los dedos de las manos de la persona que toca el instrumento. Existen tres formas de Berimbau: Viola (pequena calabaza de son agudo), M\u00e9dio (calabaza de dimension medio y son medio), y Gunga (grande calabaza con son grave).<br \/>\nEn el juego de Angola, el Gunga es muy importante. Quedando en el centro de los instrumentos generalmente es tocado por el maestro mas antiguo o la persona mas vieja de la orquesta de la ronda. El Berimbau es infuyente en la practica de la Capoeira, hoy en dia es considerado como symbolo de la lucha de la Capoeira.<\/p>\n<\/div>\n<div id=\"berimbau-photo\" class=\"gallery-inst\">\n<div id='gallery-1' class='gallery galleryid-574 gallery-columns-5 gallery-size-thumbnail'><dl class='gallery-item'>\n\t\t\t<dt class='gallery-icon portrait'>\n\t\t\t\t<a href='http:\/\/www.capoeira-auvergne.com\/es\/wp-content\/uploads\/sites\/3\/2013\/11\/berimbaus012.jpg'><img width=\"150\" height=\"150\" src=\"http:\/\/www.capoeira-auvergne.com\/es\/wp-content\/uploads\/sites\/3\/2013\/11\/berimbaus012-150x150.jpg\" class=\"attachment-thumbnail size-thumbnail\" alt=\"\" loading=\"lazy\" \/><\/a>\n\t\t\t<\/dt><\/dl><dl class='gallery-item'>\n\t\t\t<dt class='gallery-icon landscape'>\n\t\t\t\t<a href='http:\/\/www.capoeira-auvergne.com\/es\/wp-content\/uploads\/sites\/3\/2013\/11\/berimbaus02.jpg'><img width=\"150\" height=\"150\" src=\"http:\/\/www.capoeira-auvergne.com\/es\/wp-content\/uploads\/sites\/3\/2013\/11\/berimbaus02-150x150.jpg\" class=\"attachment-thumbnail size-thumbnail\" alt=\"\" loading=\"lazy\" \/><\/a>\n\t\t\t<\/dt><\/dl><dl class='gallery-item'>\n\t\t\t<dt class='gallery-icon portrait'>\n\t\t\t\t<a href='http:\/\/www.capoeira-auvergne.com\/es\/wp-content\/uploads\/sites\/3\/2013\/11\/berimbaus03.jpg'><img width=\"150\" height=\"150\" src=\"http:\/\/www.capoeira-auvergne.com\/es\/wp-content\/uploads\/sites\/3\/2013\/11\/berimbaus03-150x150.jpg\" class=\"attachment-thumbnail size-thumbnail\" alt=\"\" loading=\"lazy\" \/><\/a>\n\t\t\t<\/dt><\/dl><dl class='gallery-item'>\n\t\t\t<dt class='gallery-icon landscape'>\n\t\t\t\t<a href='http:\/\/www.capoeira-auvergne.com\/es\/wp-content\/uploads\/sites\/3\/2013\/11\/berimbau2.jpg'><img width=\"150\" height=\"150\" src=\"http:\/\/www.capoeira-auvergne.com\/es\/wp-content\/uploads\/sites\/3\/2013\/11\/berimbau2-150x150.jpg\" class=\"attachment-thumbnail size-thumbnail\" alt=\"\" loading=\"lazy\" \/><\/a>\n\t\t\t<\/dt><\/dl><dl class='gallery-item'>\n\t\t\t<dt class='gallery-icon landscape'>\n\t\t\t\t<a href='http:\/\/www.capoeira-auvergne.com\/es\/wp-content\/uploads\/sites\/3\/2013\/11\/berimbaus04.jpg'><img width=\"150\" height=\"150\" src=\"http:\/\/www.capoeira-auvergne.com\/es\/wp-content\/uploads\/sites\/3\/2013\/11\/berimbaus04-150x150.jpg\" class=\"attachment-thumbnail size-thumbnail\" alt=\"\" loading=\"lazy\" \/><\/a>\n\t\t\t<\/dt><\/dl><br style=\"clear: both\" \/>\n\t\t<\/div>\n\n<\/div>\n<\/div>\n<div id=\"reco\">\n<p><span style=\"color: #red; background-color: #fff; padding: 5px;\"><a class=\"reco-desc\" href=\"#\">Description<\/a> | <a class=\"reco-photo\" href=\"#\">Photos<\/a><\/span><br \/>\n<span id=\"sound\" class=\"inst\" style=\"position: absolute; margin-top: -28px; margin-left: 400px;\">Extrait : <button class=\"inst-but\">Play<\/button> <button class=\"inst-but\">Pause<\/button><br \/>\n<audio id=\"reco-sound\" src=\"http:\/\/www.capoeira-auvergne.com\/wp-content\/uploads\/son\/reco.ogg\" loop=\"loop\"><\/audio><\/span><\/p>\n<div id=\"reco-description\" class=\"anim\">\n<h2>Reco Reco<\/h2>\n<h3>Hist\u00f3ria<\/h3>\n<p>El origen geografico y historico del Reco Reco es siempre un misterio, encontramos instrumento de la pre-historia de la misma apariencia que nos lleva a pensar que es un instrumento muy antiguo.<br \/>\nUn instrumento que es muy similar es el \u00ab Guiro \u00bb (que es muy frecuente en la musica cubana). La diferencia entre los dos es geograficamente (actual). El Reco Reco lo encontramos en Brasil, el Guiro lo encontramos en Cuba, Puerto Rico, generalmente en todas partes del norte de America Latina donde encontramos los instumentos con diferentes nombres: \u00ab raspador \u00bb, \u00ab guayo \u00bb, y tambien \u00ab charrasca \u00bb.<\/p>\n<h3>Descripci\u00f3n<\/h3>\n<p>El nombre Reco Reco fue dado por la manera de raspar las dos partes separadas.<br \/>\nLa forma mas conocida es en un Bamb\u00fa transversalmente trabajado y en la cual un palillo de tambor lo arana.<br \/>\nExisten multiples formas de Reco Reco, mas su origen no es atribuido exclusivamente en \u00c1frica<br \/>\nEncontramos tambien en la India, Europa, ( Portugal)..<\/p>\n<h3>Utilizacion<\/h3>\n<p>Este produce su son cuando aranamos con una baqueta sobre los dientes del instrumentos. El son que tiene nos hace pensar el croar de un sapo.<\/p>\n<\/div>\n<div id=\"reco-photo\" class=\"gallery-inst\">\n<div id='gallery-2' class='gallery galleryid-574 gallery-columns-5 gallery-size-thumbnail'><dl class='gallery-item'>\n\t\t\t<dt class='gallery-icon landscape'>\n\t\t\t\t<a href='http:\/\/www.capoeira-auvergne.com\/es\/wp-content\/uploads\/sites\/3\/2013\/11\/recoreco05.jpg'><img width=\"150\" height=\"150\" src=\"http:\/\/www.capoeira-auvergne.com\/es\/wp-content\/uploads\/sites\/3\/2013\/11\/recoreco05-150x150.jpg\" class=\"attachment-thumbnail size-thumbnail\" alt=\"\" loading=\"lazy\" \/><\/a>\n\t\t\t<\/dt><\/dl><dl class='gallery-item'>\n\t\t\t<dt class='gallery-icon landscape'>\n\t\t\t\t<a href='http:\/\/www.capoeira-auvergne.com\/es\/wp-content\/uploads\/sites\/3\/2013\/11\/recoreco03.jpg'><img width=\"150\" height=\"150\" src=\"http:\/\/www.capoeira-auvergne.com\/es\/wp-content\/uploads\/sites\/3\/2013\/11\/recoreco03-150x150.jpg\" class=\"attachment-thumbnail size-thumbnail\" alt=\"\" loading=\"lazy\" \/><\/a>\n\t\t\t<\/dt><\/dl><dl class='gallery-item'>\n\t\t\t<dt class='gallery-icon landscape'>\n\t\t\t\t<a href='http:\/\/www.capoeira-auvergne.com\/es\/wp-content\/uploads\/sites\/3\/2013\/11\/recoreco02.jpg'><img width=\"150\" height=\"150\" src=\"http:\/\/www.capoeira-auvergne.com\/es\/wp-content\/uploads\/sites\/3\/2013\/11\/recoreco02-150x150.jpg\" class=\"attachment-thumbnail size-thumbnail\" alt=\"\" loading=\"lazy\" \/><\/a>\n\t\t\t<\/dt><\/dl><dl class='gallery-item'>\n\t\t\t<dt class='gallery-icon landscape'>\n\t\t\t\t<a href='http:\/\/www.capoeira-auvergne.com\/es\/wp-content\/uploads\/sites\/3\/2013\/11\/recoreco04.jpg'><img width=\"150\" height=\"150\" src=\"http:\/\/www.capoeira-auvergne.com\/es\/wp-content\/uploads\/sites\/3\/2013\/11\/recoreco04-150x150.jpg\" class=\"attachment-thumbnail size-thumbnail\" alt=\"\" loading=\"lazy\" \/><\/a>\n\t\t\t<\/dt><\/dl><dl class='gallery-item'>\n\t\t\t<dt class='gallery-icon landscape'>\n\t\t\t\t<a href='http:\/\/www.capoeira-auvergne.com\/es\/wp-content\/uploads\/sites\/3\/2013\/11\/recoreco011.jpg'><img width=\"150\" height=\"150\" src=\"http:\/\/www.capoeira-auvergne.com\/es\/wp-content\/uploads\/sites\/3\/2013\/11\/recoreco011-150x150.jpg\" class=\"attachment-thumbnail size-thumbnail\" alt=\"\" loading=\"lazy\" \/><\/a>\n\t\t\t<\/dt><\/dl><br style=\"clear: both\" \/>\n\t\t<\/div>\n\n<\/div>\n<\/div>\n<div id=\"pandero\">\n<p><span style=\"color: #red; background-color: #fff; padding: 5px;\"><a class=\"pandero-desc\" href=\"#\">Description<\/a> | <a class=\"pandero-photo\" href=\"#\">Photos<\/a><\/span><br \/>\n<span id=\"sound\" class=\"inst\" style=\"position: absolute; margin-top: -28px; margin-left: 400px;\">Extrait : <button class=\"inst-but\">Play<\/button> <button class=\"inst-but\">Pause<\/button><br \/>\n<audio id=\"pandero-sound\" src=\"http:\/\/www.capoeira-auvergne.com\/wp-content\/uploads\/2013\/11\/pandero1.ogg\" loop=\"loop\"><\/audio><\/span><\/p>\n<div id=\"pandero-description\" class=\"anim\">\n<h2>Pandeiro<\/h2>\n<h3>Hist\u00f3ria<\/h3>\n<p>El Pandero fue transportado a brasil por los portugueses, es de origen arabe y hoy en dia no existe otro instrumento de la misma apariensia. En el carnaval el pandero tambien es utilisado y fue introducido para dar un contra tiempo mas agradable al ritmo.<\/p>\n<h3>Descripci\u00f3n<\/h3>\n<p>El pandero es un instrumento de forma cilindrica circunsfencial de madera, compuesto por pequenos platillos metalicos, permitiendo un son seco y cristalino compuesto por una piel de cabra, dando un son caliente.<\/p>\n<h3>Utilizacion<\/h3>\n<p>Con una mano se coge el pandero en la parte circular de madera, y con la otra mano se toca en la piel y da diferentes formas de son.<\/p>\n<\/div>\n<div id=\"pandero-photo\" class=\"gallery-inst\">\n<div id='gallery-3' class='gallery galleryid-574 gallery-columns-5 gallery-size-thumbnail'><dl class='gallery-item'>\n\t\t\t<dt class='gallery-icon landscape'>\n\t\t\t\t<a href='http:\/\/www.capoeira-auvergne.com\/es\/wp-content\/uploads\/sites\/3\/2013\/11\/pandero02.jpg'><img width=\"150\" height=\"150\" src=\"http:\/\/www.capoeira-auvergne.com\/es\/wp-content\/uploads\/sites\/3\/2013\/11\/pandero02-150x150.jpg\" class=\"attachment-thumbnail size-thumbnail\" alt=\"\" loading=\"lazy\" \/><\/a>\n\t\t\t<\/dt><\/dl><dl class='gallery-item'>\n\t\t\t<dt class='gallery-icon landscape'>\n\t\t\t\t<a href='http:\/\/www.capoeira-auvergne.com\/es\/wp-content\/uploads\/sites\/3\/2013\/11\/pandero04.jpg'><img width=\"150\" height=\"150\" src=\"http:\/\/www.capoeira-auvergne.com\/es\/wp-content\/uploads\/sites\/3\/2013\/11\/pandero04-150x150.jpg\" class=\"attachment-thumbnail size-thumbnail\" alt=\"\" loading=\"lazy\" srcset=\"http:\/\/www.capoeira-auvergne.com\/es\/wp-content\/uploads\/sites\/3\/2013\/11\/pandero04-150x150.jpg 150w, http:\/\/www.capoeira-auvergne.com\/es\/wp-content\/uploads\/sites\/3\/2013\/11\/pandero04-300x300.jpg 300w, http:\/\/www.capoeira-auvergne.com\/es\/wp-content\/uploads\/sites\/3\/2013\/11\/pandero04-148x148.jpg 148w, http:\/\/www.capoeira-auvergne.com\/es\/wp-content\/uploads\/sites\/3\/2013\/11\/pandero04-31x31.jpg 31w, http:\/\/www.capoeira-auvergne.com\/es\/wp-content\/uploads\/sites\/3\/2013\/11\/pandero04-38x38.jpg 38w, http:\/\/www.capoeira-auvergne.com\/es\/wp-content\/uploads\/sites\/3\/2013\/11\/pandero04-215x215.jpg 215w, http:\/\/www.capoeira-auvergne.com\/es\/wp-content\/uploads\/sites\/3\/2013\/11\/pandero04.jpg 1000w\" sizes=\"(max-width: 150px) 100vw, 150px\" \/><\/a>\n\t\t\t<\/dt><\/dl><dl class='gallery-item'>\n\t\t\t<dt class='gallery-icon landscape'>\n\t\t\t\t<a href='http:\/\/www.capoeira-auvergne.com\/es\/wp-content\/uploads\/sites\/3\/2013\/11\/pandero01.jpg'><img width=\"150\" height=\"150\" src=\"http:\/\/www.capoeira-auvergne.com\/es\/wp-content\/uploads\/sites\/3\/2013\/11\/pandero01-150x150.jpg\" class=\"attachment-thumbnail size-thumbnail\" alt=\"\" loading=\"lazy\" \/><\/a>\n\t\t\t<\/dt><\/dl><dl class='gallery-item'>\n\t\t\t<dt class='gallery-icon landscape'>\n\t\t\t\t<a href='http:\/\/www.capoeira-auvergne.com\/es\/wp-content\/uploads\/sites\/3\/2013\/11\/pandero03.jpg'><img width=\"150\" height=\"150\" src=\"http:\/\/www.capoeira-auvergne.com\/es\/wp-content\/uploads\/sites\/3\/2013\/11\/pandero03-150x150.jpg\" class=\"attachment-thumbnail size-thumbnail\" alt=\"\" loading=\"lazy\" \/><\/a>\n\t\t\t<\/dt><\/dl><dl class='gallery-item'>\n\t\t\t<dt class='gallery-icon landscape'>\n\t\t\t\t<a href='http:\/\/www.capoeira-auvergne.com\/es\/wp-content\/uploads\/sites\/3\/2013\/11\/pandero1.jpg'><img width=\"150\" height=\"150\" src=\"http:\/\/www.capoeira-auvergne.com\/es\/wp-content\/uploads\/sites\/3\/2013\/11\/pandero1-150x150.jpg\" class=\"attachment-thumbnail size-thumbnail\" alt=\"\" loading=\"lazy\" \/><\/a>\n\t\t\t<\/dt><\/dl><br style=\"clear: both\" \/>\n\t\t<\/div>\n\n<\/div>\n<\/div>\n<div id=\"atabaque\">\n<p><span style=\"color: #red; background-color: #fff; padding: 5px;\"><a class=\"atabaque-desc\" href=\"#\">Description<\/a> | <a class=\"atabaque-photo\" href=\"#\">Photos<\/a><\/span><br \/>\n<span id=\"sound\" class=\"inst\" style=\"position: absolute; margin-top: -28px; margin-left: 400px;\">Extrait : <button class=\"inst-but\">Play<\/button> <button class=\"inst-but\">Pause<\/button><br \/>\n<audio id=\"atabaque-sound\" src=\"http:\/\/www.capoeira-auvergne.com\/wp-content\/uploads\/son\/atabaque.ogg\" loop=\"loop\"><\/audio><\/span><\/p>\n<div id=\"atabaque-description\" class=\"anim\">\n<h2>Atabaque<\/h2>\n<h3>Hist\u00f3ria<\/h3>\n<p>Fue el primer instrumento utilizado en la Capoeira, mucho antes que el B\u00e9rimbau. En \u00c1frica<br \/>\nfue importado por los comerciantes arabes, aun hoy en dia es considerado el primer instrumento de percucion utilizado en la Capoeira. Naci\u00f3 en el tiempo de la esclavidad, mas biem antes era un instrumento de percucion utilizado como medio de comunicacion y dansa.<\/p>\n<h3>Descripci\u00f3n<\/h3>\n<p><span id=\"result_box\" class=\"\" lang=\"es\"><span class=\"\">Un tambor de 1,40 metros de altura, cubierto por encima con una piel de vaca, con cuerdas alrededor que permite afinar de acuerdo con el instrumento.<\/span> <span class=\"\">Como el Berimbau el tama\u00f1o var\u00eda con tres sonidos que pueden ser emitidos (grave, medio, agudo).<\/span><\/span><\/p>\n<h3>Utilizacion<\/h3>\n<p>El mantiene el ritmo dado por el Berimbau, que conserva un son de base, igual a las variaciones del Gunga. El son del Atabaque es muy fuerte, pero no es mas fuerte que el son del Berimbau, igualmente que el Berimbau, el son grave marca el tiempo, y el son agudo se realiza improvisando y dinamiza el ritmo.<\/p>\n<\/div>\n<div id=\"atabaque-photo\" class=\"gallery-inst\">\n<div id='gallery-4' class='gallery galleryid-574 gallery-columns-5 gallery-size-thumbnail'><dl class='gallery-item'>\n\t\t\t<dt class='gallery-icon landscape'>\n\t\t\t\t<a href='http:\/\/www.capoeira-auvergne.com\/es\/wp-content\/uploads\/sites\/3\/2013\/11\/atabaques04.jpg'><img width=\"150\" height=\"150\" src=\"http:\/\/www.capoeira-auvergne.com\/es\/wp-content\/uploads\/sites\/3\/2013\/11\/atabaques04-150x150.jpg\" class=\"attachment-thumbnail size-thumbnail\" alt=\"\" loading=\"lazy\" \/><\/a>\n\t\t\t<\/dt><\/dl><dl class='gallery-item'>\n\t\t\t<dt class='gallery-icon landscape'>\n\t\t\t\t<a href='http:\/\/www.capoeira-auvergne.com\/es\/wp-content\/uploads\/sites\/3\/2013\/11\/atabaque01.jpg'><img width=\"150\" height=\"150\" src=\"http:\/\/www.capoeira-auvergne.com\/es\/wp-content\/uploads\/sites\/3\/2013\/11\/atabaque01-150x150.jpg\" class=\"attachment-thumbnail size-thumbnail\" alt=\"\" loading=\"lazy\" \/><\/a>\n\t\t\t<\/dt><\/dl><dl class='gallery-item'>\n\t\t\t<dt class='gallery-icon portrait'>\n\t\t\t\t<a href='http:\/\/www.capoeira-auvergne.com\/es\/wp-content\/uploads\/sites\/3\/2013\/11\/atabaque1.jpg'><img width=\"150\" height=\"150\" src=\"http:\/\/www.capoeira-auvergne.com\/es\/wp-content\/uploads\/sites\/3\/2013\/11\/atabaque1-150x150.jpg\" class=\"attachment-thumbnail size-thumbnail\" alt=\"\" loading=\"lazy\" \/><\/a>\n\t\t\t<\/dt><\/dl><dl class='gallery-item'>\n\t\t\t<dt class='gallery-icon landscape'>\n\t\t\t\t<a href='http:\/\/www.capoeira-auvergne.com\/es\/wp-content\/uploads\/sites\/3\/2013\/11\/atabaque02.png'><img width=\"150\" height=\"150\" src=\"http:\/\/www.capoeira-auvergne.com\/es\/wp-content\/uploads\/sites\/3\/2013\/11\/atabaque02-150x150.png\" class=\"attachment-thumbnail size-thumbnail\" alt=\"\" loading=\"lazy\" \/><\/a>\n\t\t\t<\/dt><\/dl><dl class='gallery-item'>\n\t\t\t<dt class='gallery-icon landscape'>\n\t\t\t\t<a href='http:\/\/www.capoeira-auvergne.com\/es\/wp-content\/uploads\/sites\/3\/2013\/11\/atabaques03.jpg'><img width=\"150\" height=\"150\" src=\"http:\/\/www.capoeira-auvergne.com\/es\/wp-content\/uploads\/sites\/3\/2013\/11\/atabaques03-150x150.jpg\" class=\"attachment-thumbnail size-thumbnail\" alt=\"\" loading=\"lazy\" \/><\/a>\n\t\t\t<\/dt><\/dl><br style=\"clear: both\" \/>\n\t\t<\/div>\n\n<\/div>\n<\/div>\n<div id=\"agogo\">\n<p><span style=\"color: #red; background-color: #fff; padding: 5px;\"><a class=\"agogo-desc\" href=\"#\">Description<\/a> | <a class=\"agogo-photo\" href=\"#\">Photos<\/a><\/span><br \/>\n<span id=\"sound\" class=\"inst\" style=\"position: absolute; margin-top: -28px; margin-left: 400px;\">Extrait : <button class=\"inst-but\">Play<\/button> <button class=\"inst-but\">Pause<\/button><br \/>\n<audio id=\"agogo-sound\" src=\"http:\/\/www.capoeira-auvergne.com\/wp-content\/uploads\/son\/agogo.ogg\" loop=\"loop\"><\/audio><\/span><\/p>\n<div id=\"agogo-description\" class=\"anim\">\n<h2>Agogo<\/h2>\n<h3>Hist\u00f3ria<\/h3>\n<p>El nombre Agogo proviene de la lengua nag\u00f4, y es un instrumento que sirve principalmente para marcar el tiempo. Fue transportado para Brasil por los esclavos.<\/p>\n<h3>Descripci\u00f3n<\/h3>\n<p>Es fabricado con cascaras que contienen nueces del Amazonas. Tambien puede ser compuesto de fierro matalico, un arco circular con extremidades en conos metalicos de diferentes tamanos.<\/p>\n<h3>Utilizacion<\/h3>\n<p>Un jugador tiene que tener en una de las manos la parte que es de forma de arco y en la otra mano tocar los conos con ayuda de un palillo de tambor de fierro o madera. El ritmo permite un son harmonioso dando un brillo de color musical.<\/p>\n<\/div>\n<div id=\"agogo-photo\" class=\"gallery-inst\">\n<div id='gallery-5' class='gallery galleryid-574 gallery-columns-5 gallery-size-thumbnail'><dl class='gallery-item'>\n\t\t\t<dt class='gallery-icon landscape'>\n\t\t\t\t<a href='http:\/\/www.capoeira-auvergne.com\/es\/wp-content\/uploads\/sites\/3\/2013\/11\/agogo1.jpg'><img width=\"150\" height=\"150\" src=\"http:\/\/www.capoeira-auvergne.com\/es\/wp-content\/uploads\/sites\/3\/2013\/11\/agogo1-150x150.jpg\" class=\"attachment-thumbnail size-thumbnail\" alt=\"\" loading=\"lazy\" srcset=\"http:\/\/www.capoeira-auvergne.com\/es\/wp-content\/uploads\/sites\/3\/2013\/11\/agogo1-150x150.jpg 150w, http:\/\/www.capoeira-auvergne.com\/es\/wp-content\/uploads\/sites\/3\/2013\/11\/agogo1-148x148.jpg 148w, http:\/\/www.capoeira-auvergne.com\/es\/wp-content\/uploads\/sites\/3\/2013\/11\/agogo1-31x31.jpg 31w, http:\/\/www.capoeira-auvergne.com\/es\/wp-content\/uploads\/sites\/3\/2013\/11\/agogo1-38x38.jpg 38w, http:\/\/www.capoeira-auvergne.com\/es\/wp-content\/uploads\/sites\/3\/2013\/11\/agogo1.jpg 180w\" sizes=\"(max-width: 150px) 100vw, 150px\" \/><\/a>\n\t\t\t<\/dt><\/dl><dl class='gallery-item'>\n\t\t\t<dt class='gallery-icon landscape'>\n\t\t\t\t<a href='http:\/\/www.capoeira-auvergne.com\/es\/wp-content\/uploads\/sites\/3\/2013\/11\/agogo03.jpg'><img width=\"150\" height=\"150\" src=\"http:\/\/www.capoeira-auvergne.com\/es\/wp-content\/uploads\/sites\/3\/2013\/11\/agogo03-150x150.jpg\" class=\"attachment-thumbnail size-thumbnail\" alt=\"\" loading=\"lazy\" srcset=\"http:\/\/www.capoeira-auvergne.com\/es\/wp-content\/uploads\/sites\/3\/2013\/11\/agogo03-150x150.jpg 150w, http:\/\/www.capoeira-auvergne.com\/es\/wp-content\/uploads\/sites\/3\/2013\/11\/agogo03-300x300.jpg 300w, http:\/\/www.capoeira-auvergne.com\/es\/wp-content\/uploads\/sites\/3\/2013\/11\/agogo03-148x148.jpg 148w, http:\/\/www.capoeira-auvergne.com\/es\/wp-content\/uploads\/sites\/3\/2013\/11\/agogo03-31x31.jpg 31w, http:\/\/www.capoeira-auvergne.com\/es\/wp-content\/uploads\/sites\/3\/2013\/11\/agogo03-38x38.jpg 38w, http:\/\/www.capoeira-auvergne.com\/es\/wp-content\/uploads\/sites\/3\/2013\/11\/agogo03-215x215.jpg 215w, http:\/\/www.capoeira-auvergne.com\/es\/wp-content\/uploads\/sites\/3\/2013\/11\/agogo03.jpg 1000w\" sizes=\"(max-width: 150px) 100vw, 150px\" \/><\/a>\n\t\t\t<\/dt><\/dl><dl class='gallery-item'>\n\t\t\t<dt class='gallery-icon landscape'>\n\t\t\t\t<a href='http:\/\/www.capoeira-auvergne.com\/es\/wp-content\/uploads\/sites\/3\/2013\/11\/agogo01.jpg'><img width=\"150\" height=\"150\" src=\"http:\/\/www.capoeira-auvergne.com\/es\/wp-content\/uploads\/sites\/3\/2013\/11\/agogo01-150x150.jpg\" class=\"attachment-thumbnail size-thumbnail\" alt=\"\" loading=\"lazy\" \/><\/a>\n\t\t\t<\/dt><\/dl><dl class='gallery-item'>\n\t\t\t<dt class='gallery-icon landscape'>\n\t\t\t\t<a href='http:\/\/www.capoeira-auvergne.com\/es\/wp-content\/uploads\/sites\/3\/2013\/11\/agogo04.jpg'><img width=\"150\" height=\"150\" src=\"http:\/\/www.capoeira-auvergne.com\/es\/wp-content\/uploads\/sites\/3\/2013\/11\/agogo04-150x150.jpg\" class=\"attachment-thumbnail size-thumbnail\" alt=\"\" loading=\"lazy\" \/><\/a>\n\t\t\t<\/dt><\/dl><dl class='gallery-item'>\n\t\t\t<dt class='gallery-icon landscape'>\n\t\t\t\t<a href='http:\/\/www.capoeira-auvergne.com\/es\/wp-content\/uploads\/sites\/3\/2013\/11\/agogo02.jpg'><img width=\"150\" height=\"150\" src=\"http:\/\/www.capoeira-auvergne.com\/es\/wp-content\/uploads\/sites\/3\/2013\/11\/agogo02-150x150.jpg\" class=\"attachment-thumbnail size-thumbnail\" alt=\"\" loading=\"lazy\" \/><\/a>\n\t\t\t<\/dt><\/dl><br style=\"clear: both\" \/>\n\t\t<\/div>\n\n<\/div>\n<\/div>\n<\/div>\n<\/div>\n","protected":false},"excerpt":{"rendered":"<p>Haga clic en un instrumento, para leer su descripci\u00f3n. Description | Photos Extrait : Play Pause Berimbau Hist\u00f3ria Los primeros Berimbaus aparecieron en Bahia durante la \u00e9poca de la interdicci\u00f3n de la Capoeira. Existen dos tipos de arcos musicales que&hellip;<\/p>\n<p class=\"more-link-p\"><a class=\"more-link\" href=\"http:\/\/www.capoeira-auvergne.com\/es\/instruments\/\">Lire plus &rarr;<\/a><\/p>\n","protected":false},"author":1,"featured_media":0,"parent":0,"menu_order":0,"comment_status":"closed","ping_status":"closed","template":"template-instruments.php","meta":[],"_links":{"self":[{"href":"http:\/\/www.capoeira-auvergne.com\/es\/wp-json\/wp\/v2\/pages\/574"}],"collection":[{"href":"http:\/\/www.capoeira-auvergne.com\/es\/wp-json\/wp\/v2\/pages"}],"about":[{"href":"http:\/\/www.capoeira-auvergne.com\/es\/wp-json\/wp\/v2\/types\/page"}],"author":[{"embeddable":true,"href":"http:\/\/www.capoeira-auvergne.com\/es\/wp-json\/wp\/v2\/users\/1"}],"replies":[{"embeddable":true,"href":"http:\/\/www.capoeira-auvergne.com\/es\/wp-json\/wp\/v2\/comments?post=574"}],"version-history":[{"count":113,"href":"http:\/\/www.capoeira-auvergne.com\/es\/wp-json\/wp\/v2\/pages\/574\/revisions"}],"predecessor-version":[{"id":2362,"href":"http:\/\/www.capoeira-auvergne.com\/es\/wp-json\/wp\/v2\/pages\/574\/revisions\/2362"}],"wp:attachment":[{"href":"http:\/\/www.capoeira-auvergne.com\/es\/wp-json\/wp\/v2\/media?parent=574"}],"curies":[{"name":"wp","href":"https:\/\/api.w.org\/{rel}","templated":true}]}}