{"id":41,"date":"2013-10-31T20:55:45","date_gmt":"2013-10-31T19:55:45","guid":{"rendered":"http:\/\/www.capoeira-auvergne.com\/?page_id=41"},"modified":"2020-01-25T13:57:18","modified_gmt":"2020-01-25T12:57:18","slug":"animation-workshop","status":"publish","type":"page","link":"http:\/\/www.capoeira-auvergne.com\/es\/animation-workshop\/","title":{"rendered":"Animaci\u00f3n\/Workshops"},"content":{"rendered":"<p><span id=\"result_box\" lang=\"fr\">El trabajo realizado por Ataare da Costa presenta la cultura afro-brasile\u00f1a en su punto de vista promocional, a trav\u00e9s de espect\u00e1culos&#8230;!<\/span><\/p>\n<p><span id=\"result_box\" class=\"short_text\" lang=\"fr\"><span class=\"hps\">Espect\u00e1culos :<\/span><\/span><\/p>\n<ul style=\"text-align: justify;\">\n<li><span style=\"color: #000000;\">Capoeira Antiga<\/span><\/li>\n<li><span style=\"color: #000000;\">Macul\u00e9l\u00e9<\/span><\/li>\n<li><span style=\"color: #000000;\">Samba de Roda<\/span><\/li>\n<li><span style=\"color: #000000;\">Samba<\/span><\/li>\n<li><span style=\"color: #000000;\">Musiques Afro-Latines et Percussions<\/span><\/li>\n<\/ul>\n<h3><strong>\u00a0Capoeira<\/strong><\/h3>\n<h3 style=\"text-align: justify;\">\u00a0\u00a0\u00a0\u00a0\u00a0\u00a0\u00a0\u00a0\u00a0\u00a0\u00a0\u00a0\u00a0\u00a0\u00a0\u00a0\u00a0\u00a0\u00a0\u00a0\u00a0\u00a0\u00a0\u00a0\u00a0\u00a0\u00a0\u00a0\u00a0\u00a0\u00a0\u00a0\u00a0\u00a0\u00a0\u00a0\u00a0\u00a0\u00a0\u00a0\u00a0\u00a0\u00a0\u00a0\u00a0\u00a0\u00a0<img loading=\"lazy\" class=\"wp-image-1130 alignleft\" style=\"color: #666666; line-height: 1.6875; letter-spacing: 0.05em; font-size: 16px;\" src=\"http:\/\/www.capoeira-auvergne.com\/wp-content\/uploads\/2013\/10\/t\u00e9l\u00e9chargement.jpg\" alt=\"t\u00e9l\u00e9chargement\" width=\"167\" height=\"101\" \/><\/h3>\n<p>La Capoeira est\u00e1 compuesta por, la lucha, danza y movimientos acrob\u00e1ticos. Ella se diferencia a las otras artes marciales por la particularidad de su fondo musical. Con m\u00faltiples ritmos t\u00edpicos, modernos y con core\u00f3grafa diferentes de la Capoeira Antigua.<\/p>\n<h3><strong>Macul\u00e9l\u00e9<\/strong><\/h3>\n<h3 style=\"text-align: justify;\">\u00a0\u00a0\u00a0\u00a0\u00a0\u00a0\u00a0\u00a0\u00a0\u00a0\u00a0\u00a0\u00a0\u00a0\u00a0\u00a0\u00a0\u00a0\u00a0\u00a0\u00a0\u00a0\u00a0\u00a0\u00a0\u00a0\u00a0\u00a0\u00a0\u00a0\u00a0\u00a0\u00a0\u00a0\u00a0\u00a0\u00a0\u00a0\u00a0\u00a0\u00a0\u00a0\u00a0\u00a0\u00a0\u00a0\u00a0\u00a0<a href=\"http:\/\/www.capoeira-auvergne.com\/wp-content\/uploads\/2013\/11\/maculele1.jpg\"><img loading=\"lazy\" class=\"wp-image-533 alignleft\" src=\"http:\/\/www.capoeira-auvergne.com\/wp-content\/uploads\/2013\/11\/maculele1-300x156.jpg\" alt=\"maculele1\" width=\"189\" height=\"98\" srcset=\"http:\/\/www.capoeira-auvergne.com\/es\/wp-content\/uploads\/sites\/3\/2013\/11\/maculele1-300x156.jpg 300w, http:\/\/www.capoeira-auvergne.com\/es\/wp-content\/uploads\/sites\/3\/2013\/11\/maculele1.jpg 498w\" sizes=\"(max-width: 189px) 100vw, 189px\" \/><\/a><\/h3>\n<p>Es una danza de apariencias festivas, din\u00e1mica y alegre, narrando su historia tribal y dram\u00e1tica.Una core\u00f3grafa realizada de confrontaci\u00f3n con personas armadas con bastones o machetes al ritmo de los tambores, (atabaques).<\/p>\n<h3 style=\"text-align: justify;\"><strong><span style=\"color: #000000;\">\u00a0Samba de Rueda<\/span><\/strong><\/h3>\n<h3 style=\"text-align: justify;\">\u00a0\u00a0\u00a0\u00a0\u00a0\u00a0\u00a0\u00a0\u00a0\u00a0\u00a0\u00a0\u00a0\u00a0\u00a0\u00a0\u00a0\u00a0\u00a0\u00a0\u00a0\u00a0\u00a0\u00a0\u00a0\u00a0\u00a0\u00a0\u00a0\u00a0\u00a0\u00a0\u00a0\u00a0\u00a0\u00a0\u00a0\u00a0\u00a0<a style=\"font-size: 1.17em; letter-spacing: 0.05em; line-height: 1.6875; color: #000000; outline: #000000;\" href=\"http:\/\/www.capoeira-auvergne.com\/wp-content\/uploads\/2013\/11\/sambaderoda.jpg\"><img loading=\"lazy\" class=\"wp-image-536 alignleft\" src=\"http:\/\/www.capoeira-auvergne.com\/wp-content\/uploads\/2013\/11\/sambaderoda.jpg\" alt=\"sambaderoda\" width=\"135\" height=\"158\" \/><\/a><\/h3>\n<p>Es una manifestaci\u00f3n tradicional festiva de personas, formando una rueda, danzando al ritmo de percusiones afro-brasile\u00f1as. Una coreograf\u00eda puesta en escena por una rueda o semife-c\u00edrculo. La mujer es presentada tradicionalmente y acompa\u00f1ada por hombres. Es una danza animada donde se mezcla seducci\u00f3n y felicidad.<\/p>\n<h3><strong>Samba<\/strong><\/h3>\n<h5><strong><img loading=\"lazy\" class=\"alignleft\" src=\"http:\/\/www.capoeira-auvergne.com\/wp-content\/uploads\/2013\/10\/Animaciones-samba.jpg\" alt=\"Animaciones-samba\" width=\"111\" height=\"145\" \/>\u00a0<\/strong><\/h5>\n<p>Es una danza r\u00edtmica, su fondo musical demuestra animaci\u00f3n, excitaci\u00f3n y acciones de alegr\u00eda. Proviene de la palabra \u00ab Semba \u00bb, origen africana.<\/p>\n<p>Las demostraciones de Samba Carnavalesco de Rio de Janeiro, S\u00e3o Paulo y Ba\u03afa. La presentaci\u00f3n es realizada con ropas tradicionales con colores festivos de Brasil.<\/p>\n<h3 style=\"text-align: justify;\">Musique Afro-Latines et Percussions<\/h3>\n<p>Es un grupo de m\u00fasicos influenciados por la riqueza de ritmos diferentes de las regiones de Am\u00e9rica del Sur y \u00c1frica. Con diversos estilos como: Bossa Nova, Samba Reggae, Forro, Salsa, Merengue, Rumba, etc. Tambi\u00e9n ofrece m\u00faltiples posibilidades en cuanto a presentaciones en su contenido exhibido, adaptando las necesidades y atenci\u00f3n de cada uno, se realizan espect\u00e1culos con colores vivos, jam\u00e1s olvidados y con la compa\u00f1\u00eda de bailarinas de Samba y percusionistas.<\/p>\n<p style=\"text-align: center;\">\n","protected":false},"excerpt":{"rendered":"<p>El trabajo realizado por Ataare da Costa presenta la cultura afro-brasile\u00f1a en su punto de vista promocional, a trav\u00e9s de espect\u00e1culos&#8230;! Espect\u00e1culos : Capoeira Antiga Macul\u00e9l\u00e9 Samba de Roda Samba Musiques Afro-Latines et Percussions \u00a0Capoeira \u00a0\u00a0\u00a0\u00a0\u00a0\u00a0\u00a0\u00a0\u00a0\u00a0\u00a0\u00a0\u00a0\u00a0\u00a0\u00a0\u00a0\u00a0\u00a0\u00a0\u00a0\u00a0\u00a0\u00a0\u00a0\u00a0\u00a0\u00a0\u00a0\u00a0\u00a0\u00a0\u00a0\u00a0\u00a0\u00a0\u00a0\u00a0\u00a0\u00a0\u00a0\u00a0\u00a0\u00a0\u00a0\u00a0\u00a0 La Capoeira est\u00e1 compuesta&hellip;<\/p>\n<p class=\"more-link-p\"><a class=\"more-link\" href=\"http:\/\/www.capoeira-auvergne.com\/es\/animation-workshop\/\">Lire plus &rarr;<\/a><\/p>\n","protected":false},"author":1,"featured_media":0,"parent":0,"menu_order":0,"comment_status":"closed","ping_status":"closed","template":"","meta":[],"_links":{"self":[{"href":"http:\/\/www.capoeira-auvergne.com\/es\/wp-json\/wp\/v2\/pages\/41"}],"collection":[{"href":"http:\/\/www.capoeira-auvergne.com\/es\/wp-json\/wp\/v2\/pages"}],"about":[{"href":"http:\/\/www.capoeira-auvergne.com\/es\/wp-json\/wp\/v2\/types\/page"}],"author":[{"embeddable":true,"href":"http:\/\/www.capoeira-auvergne.com\/es\/wp-json\/wp\/v2\/users\/1"}],"replies":[{"embeddable":true,"href":"http:\/\/www.capoeira-auvergne.com\/es\/wp-json\/wp\/v2\/comments?post=41"}],"version-history":[{"count":58,"href":"http:\/\/www.capoeira-auvergne.com\/es\/wp-json\/wp\/v2\/pages\/41\/revisions"}],"predecessor-version":[{"id":2573,"href":"http:\/\/www.capoeira-auvergne.com\/es\/wp-json\/wp\/v2\/pages\/41\/revisions\/2573"}],"wp:attachment":[{"href":"http:\/\/www.capoeira-auvergne.com\/es\/wp-json\/wp\/v2\/media?parent=41"}],"curies":[{"name":"wp","href":"https:\/\/api.w.org\/{rel}","templated":true}]}}